{"id":29,"date":"2015-04-14T22:28:21","date_gmt":"2015-04-14T21:28:21","guid":{"rendered":"http:\/\/paca.lpo.fr\/blogs\/luberon-monts-de-vaucluse\/?page_id=29"},"modified":"2025-06-02T08:15:10","modified_gmt":"2025-06-02T07:15:10","slug":"contact","status":"publish","type":"page","link":"https:\/\/paca.lpo.fr\/blogs\/luberon-monts-de-vaucluse\/contact\/","title":{"rendered":"Contacts"},"content":{"rendered":"\n<h5 class=\"wp-block-heading\"><strong>Joindre <\/strong>le Groupe Local Luberon &#8211; Monts de Vaucluse :<\/h5>\n\n\n\n<div class=\"wp-block-buttons is-content-justification-center is-layout-flex wp-container-core-buttons-is-layout-fe48e5de wp-block-buttons-is-layout-flex\">\n<div class=\"wp-block-button\"><a class=\"wp-block-button__link wp-element-button\" href=\"https:\/\/paca.lpo.fr\/index.php?&amp;Itemid=4663\">FORMULAIRE DE CONTACT<\/a><\/div>\n<\/div>\n\n\n\n<ul class=\"wp-block-list\">\n<li><strong>Facebook :<\/strong><span style=\"background-color: #ffffff\"> <a style=\"background-color: #ffffff\" href=\"https:\/\/www.facebook.com\/lpolmv\">https:\/\/www.facebook.com\/lpolmv<\/a><\/span><\/li>\n<\/ul>\n\n\n\n<hr class=\"wp-block-separator has-alpha-channel-opacity\"\/>\n\n\n\n<h5 class=\"wp-block-heading\">La coordination du GL LMV est coll\u00e9giale et partag\u00e9e<\/h5>\n\n\n\n<p class=\"wp-block-paragraph\">&#8212;&#8212;&#8212;&#8212;&#8212;&#8212;&#8212;&#8212;&#8212;&#8212;&#8212;&#8212;&#8212;&#8212;&#8212;&#8212;&#8212;&#8212;&#8212;&#8212;&#8212;&#8212;&#8212;&#8211;<\/p>\n\n\n\n<h5 class=\"wp-block-heading\"><strong>Gestionnaires du blog<\/strong> du GL LMV https:\/\/paca.lpo.fr\/blogs\/luberon-monts-de-vaucluse<\/h5>\n\n\n\n<ul class=\"wp-block-list\">\n<li>Mauricette Broussier . Tel : 06 64 24 68 35<\/li>\n\n\n\n<li>Jean-Luc Robinet. &nbsp; Tel : 06 12 53 45 68.<\/li>\n\n\n\n<li>Philippe Dhiver. Tel : 07 85 87 30 31<\/li>\n<\/ul>\n\n\n\n<p class=\"wp-block-paragraph\">&#8212;&#8212;&#8212;&#8212;&#8212;&#8212;&#8212;&#8212;&#8212;&#8212;&#8212;&#8212;&#8212;&#8212;&#8212;&#8212;&#8212;&#8212;&#8212;&#8212;&#8212;&#8212;&#8212;&#8211;<\/p>\n\n\n\n<h5 class=\"wp-block-heading\">R\u00e9f\u00e9rent refuge LPO collectivit\u00e9s, \u00e9tablissements, entreprises pour le GL LMV:<\/h5>\n\n\n\n<ul class=\"wp-block-list\">\n<li>Jean-Fran\u00e7ois Dubois. Tel : 06 09 12 64 21<\/li>\n<\/ul>\n\n\n\n<hr class=\"wp-block-separator has-alpha-channel-opacity\"\/>\n\n\n\n<h5 class=\"wp-block-heading\">R\u00e9f\u00e9rente conf\u00e9rences organis\u00e9es par le GL LMV:<\/h5>\n\n\n\n<ul class=\"wp-block-list\">\n<li>Anne Marie Parein. Tel : 06 95 14 98 24<\/li>\n<\/ul>\n\n\n\n<p class=\"wp-block-paragraph\">&#8212;&#8212;&#8212;&#8212;&#8212;&#8212;&#8212;&#8212;&#8212;&#8212;&#8212;&#8212;&#8212;&#8212;&#8212;&#8212;&#8212;&#8212;&#8212;&#8212;&#8212;&#8212;&#8212;&#8212;&#8212;&#8212;&#8212;&#8212;&#8212;&#8212;&#8212;<\/p>\n\n\n\n<h4 class=\"wp-block-heading\"><strong>D\u00e9fense et protection de l&rsquo;environnement<\/strong><\/h4>\n\n\n\n<p class=\"wp-block-paragraph\"><span style=\"text-decoration: underline\"><em><strong><span style=\"color: #ff6600;text-decoration: underline\">Qui contacter<\/span><\/strong><\/em><\/span> en cas de constat d&rsquo;infraction li\u00e9e \u00e0 l&rsquo;environnement, la chasse, la p\u00eache,&nbsp;la&nbsp;pollution (aquatique ou non), les&nbsp;d\u00e9charges sauvages, le transport ou la d\u00e9tention d&rsquo;oiseaux, etc ?<\/p>\n\n\n\n<p class=\"wp-block-paragraph\"><strong><span style=\"color: #ff0000\">Cliquer sur :<\/span><\/strong>&nbsp;<a href=\"https:\/\/paca.lpo.fr\/protection\/defense-de-la-nature\/signaler-une-infraction\" target=\"_blank\" rel=\"noopener noreferrer\">QUI CONTACTER ?<\/a><\/p>\n","protected":false},"excerpt":{"rendered":"<p>Joindre le Groupe Local Luberon &#8211; Monts de Vaucluse : La coordination du GL LMV est coll\u00e9giale et partag\u00e9e &#8212;&#8212;&#8212;&#8212;&#8212;&#8212;&#8212;&#8212;&#8212;&#8212;&#8212;&#8212;&#8212;&#8212;&#8212;&#8212;&#8212;&#8212;&#8212;&#8212;&#8212;&#8212;&#8212;&#8211; Gestionnaires du blog du GL LMV https:\/\/paca.lpo.fr\/blogs\/luberon-monts-de-vaucluse &#8212;&#8212;&#8212;&#8212;&#8212;&#8212;&#8212;&#8212;&#8212;&#8212;&#8212;&#8212;&#8212;&#8212;&#8212;&#8212;&#8212;&#8212;&#8212;&#8212;&#8212;&#8212;&#8212;&#8211; R\u00e9f\u00e9rent refuge LPO collectivit\u00e9s, \u00e9tablissements, entreprises pour le GL LMV: R\u00e9f\u00e9rente conf\u00e9rences organis\u00e9es par le GL LMV: &#8212;&#8212;&#8212;&#8212;&#8212;&#8212;&#8212;&#8212;&#8212;&#8212;&#8212;&#8212;&#8212;&#8212;&#8212;&#8212;&#8212;&#8212;&#8212;&#8212;&#8212;&#8212;&#8212;&#8212;&#8212;&#8212;&#8212;&#8212;&#8212;&#8212;&#8212; D\u00e9fense et protection de l&rsquo;environnement Qui contacter en cas [&hellip;]<\/p>\n","protected":false},"author":103,"featured_media":0,"parent":0,"menu_order":0,"comment_status":"closed","ping_status":"closed","template":"","meta":{"footnotes":""},"class_list":["post-29","page","type-page","status-publish","hentry"],"yoast_head":"<!-- This site is optimized with the Yoast SEO plugin v28.3 - https:\/\/yoast.com\/product\/yoast-seo-wordpress\/ -->\n<title>Contacts - Groupe local Luberon Monts de Vaucluse<\/title>\n<meta name=\"robots\" content=\"index, follow, max-snippet:-1, max-image-preview:large, max-video-preview:-1\" \/>\n<link rel=\"canonical\" href=\"https:\/\/paca.lpo.fr\/blogs\/luberon-monts-de-vaucluse\/contact\/\" \/>\n<meta property=\"og:locale\" content=\"fr_FR\" \/>\n<meta property=\"og:type\" content=\"article\" \/>\n<meta property=\"og:title\" content=\"Contacts - Groupe local Luberon Monts de Vaucluse\" \/>\n<meta property=\"og:description\" content=\"Joindre le Groupe Local Luberon &#8211; Monts de Vaucluse : La coordination du GL LMV est coll\u00e9giale et partag\u00e9e &#8212;&#8212;&#8212;&#8212;&#8212;&#8212;&#8212;&#8212;&#8212;&#8212;&#8212;&#8212;&#8212;&#8212;&#8212;&#8212;&#8212;&#8212;&#8212;&#8212;&#8212;&#8212;&#8212;&#8211; Gestionnaires du blog du GL LMV https:\/\/paca.lpo.fr\/blogs\/luberon-monts-de-vaucluse &#8212;&#8212;&#8212;&#8212;&#8212;&#8212;&#8212;&#8212;&#8212;&#8212;&#8212;&#8212;&#8212;&#8212;&#8212;&#8212;&#8212;&#8212;&#8212;&#8212;&#8212;&#8212;&#8212;&#8211; R\u00e9f\u00e9rent refuge LPO collectivit\u00e9s, \u00e9tablissements, entreprises pour le GL LMV: R\u00e9f\u00e9rente conf\u00e9rences organis\u00e9es par le GL LMV: &#8212;&#8212;&#8212;&#8212;&#8212;&#8212;&#8212;&#8212;&#8212;&#8212;&#8212;&#8212;&#8212;&#8212;&#8212;&#8212;&#8212;&#8212;&#8212;&#8212;&#8212;&#8212;&#8212;&#8212;&#8212;&#8212;&#8212;&#8212;&#8212;&#8212;&#8212; D\u00e9fense et protection de l&rsquo;environnement Qui contacter en cas [&hellip;]\" \/>\n<meta property=\"og:url\" content=\"https:\/\/paca.lpo.fr\/blogs\/luberon-monts-de-vaucluse\/contact\/\" \/>\n<meta property=\"og:site_name\" content=\"Groupe local Luberon Monts de Vaucluse\" \/>\n<meta property=\"article:modified_time\" content=\"2025-06-02T07:15:10+00:00\" \/>\n<meta name=\"twitter:card\" content=\"summary_large_image\" \/>\n<meta name=\"twitter:label1\" content=\"Dur\u00e9e de lecture estim\u00e9e\" \/>\n\t<meta name=\"twitter:data1\" content=\"1 minute\" \/>\n<script type=\"application\/ld+json\" class=\"yoast-schema-graph\">{\"@context\":\"https:\\\/\\\/schema.org\",\"@graph\":[{\"@type\":\"WebPage\",\"@id\":\"https:\\\/\\\/paca.lpo.fr\\\/blogs\\\/luberon-monts-de-vaucluse\\\/contact\\\/\",\"url\":\"https:\\\/\\\/paca.lpo.fr\\\/blogs\\\/luberon-monts-de-vaucluse\\\/contact\\\/\",\"name\":\"Contacts - Groupe local Luberon Monts de Vaucluse\",\"isPartOf\":{\"@id\":\"https:\\\/\\\/paca.lpo.fr\\\/blogs\\\/luberon-monts-de-vaucluse\\\/#website\"},\"datePublished\":\"2015-04-14T21:28:21+00:00\",\"dateModified\":\"2025-06-02T07:15:10+00:00\",\"breadcrumb\":{\"@id\":\"https:\\\/\\\/paca.lpo.fr\\\/blogs\\\/luberon-monts-de-vaucluse\\\/contact\\\/#breadcrumb\"},\"inLanguage\":\"fr-FR\",\"potentialAction\":[{\"@type\":\"ReadAction\",\"target\":[\"https:\\\/\\\/paca.lpo.fr\\\/blogs\\\/luberon-monts-de-vaucluse\\\/contact\\\/\"]}]},{\"@type\":\"BreadcrumbList\",\"@id\":\"https:\\\/\\\/paca.lpo.fr\\\/blogs\\\/luberon-monts-de-vaucluse\\\/contact\\\/#breadcrumb\",\"itemListElement\":[{\"@type\":\"ListItem\",\"position\":1,\"name\":\"Accueil\",\"item\":\"https:\\\/\\\/paca.lpo.fr\\\/blogs\\\/luberon-monts-de-vaucluse\\\/\"},{\"@type\":\"ListItem\",\"position\":2,\"name\":\"Contacts\"}]},{\"@type\":\"WebSite\",\"@id\":\"https:\\\/\\\/paca.lpo.fr\\\/blogs\\\/luberon-monts-de-vaucluse\\\/#website\",\"url\":\"https:\\\/\\\/paca.lpo.fr\\\/blogs\\\/luberon-monts-de-vaucluse\\\/\",\"name\":\"Groupe local Luberon Monts de Vaucluse\",\"description\":\"Groupe local Luberon Monts de Vaucluse\",\"publisher\":{\"@id\":\"https:\\\/\\\/paca.lpo.fr\\\/blogs\\\/luberon-monts-de-vaucluse\\\/#organization\"},\"potentialAction\":[{\"@type\":\"SearchAction\",\"target\":{\"@type\":\"EntryPoint\",\"urlTemplate\":\"https:\\\/\\\/paca.lpo.fr\\\/blogs\\\/luberon-monts-de-vaucluse\\\/?s={search_term_string}\"},\"query-input\":{\"@type\":\"PropertyValueSpecification\",\"valueRequired\":true,\"valueName\":\"search_term_string\"}}],\"inLanguage\":\"fr-FR\"},{\"@type\":\"Organization\",\"@id\":\"https:\\\/\\\/paca.lpo.fr\\\/blogs\\\/luberon-monts-de-vaucluse\\\/#organization\",\"name\":\"Groupe local Luberon Monts de Vaucluse\",\"url\":\"https:\\\/\\\/paca.lpo.fr\\\/blogs\\\/luberon-monts-de-vaucluse\\\/\",\"logo\":{\"@type\":\"ImageObject\",\"inLanguage\":\"fr-FR\",\"@id\":\"https:\\\/\\\/paca.lpo.fr\\\/blogs\\\/luberon-monts-de-vaucluse\\\/#\\\/schema\\\/logo\\\/image\\\/\",\"url\":\"https:\\\/\\\/paca.lpo.fr\\\/blogs\\\/luberon-monts-de-vaucluse\\\/files\\\/2024\\\/01\\\/cropped-rvb-lpo-paca-logotype-signature-droite-mini-500.jpg\",\"contentUrl\":\"https:\\\/\\\/paca.lpo.fr\\\/blogs\\\/luberon-monts-de-vaucluse\\\/files\\\/2024\\\/01\\\/cropped-rvb-lpo-paca-logotype-signature-droite-mini-500.jpg\",\"width\":500,\"height\":210,\"caption\":\"Groupe local Luberon Monts de Vaucluse\"},\"image\":{\"@id\":\"https:\\\/\\\/paca.lpo.fr\\\/blogs\\\/luberon-monts-de-vaucluse\\\/#\\\/schema\\\/logo\\\/image\\\/\"}}]}<\/script>\n<!-- \/ Yoast SEO plugin. -->","yoast_head_json":{"title":"Contacts - Groupe local Luberon Monts de Vaucluse","robots":{"index":"index","follow":"follow","max-snippet":"max-snippet:-1","max-image-preview":"max-image-preview:large","max-video-preview":"max-video-preview:-1"},"canonical":"https:\/\/paca.lpo.fr\/blogs\/luberon-monts-de-vaucluse\/contact\/","og_locale":"fr_FR","og_type":"article","og_title":"Contacts - Groupe local Luberon Monts de Vaucluse","og_description":"Joindre le Groupe Local Luberon &#8211; Monts de Vaucluse : La coordination du GL LMV est coll\u00e9giale et partag\u00e9e &#8212;&#8212;&#8212;&#8212;&#8212;&#8212;&#8212;&#8212;&#8212;&#8212;&#8212;&#8212;&#8212;&#8212;&#8212;&#8212;&#8212;&#8212;&#8212;&#8212;&#8212;&#8212;&#8212;&#8211; Gestionnaires du blog du GL LMV https:\/\/paca.lpo.fr\/blogs\/luberon-monts-de-vaucluse &#8212;&#8212;&#8212;&#8212;&#8212;&#8212;&#8212;&#8212;&#8212;&#8212;&#8212;&#8212;&#8212;&#8212;&#8212;&#8212;&#8212;&#8212;&#8212;&#8212;&#8212;&#8212;&#8212;&#8211; R\u00e9f\u00e9rent refuge LPO collectivit\u00e9s, \u00e9tablissements, entreprises pour le GL LMV: R\u00e9f\u00e9rente conf\u00e9rences organis\u00e9es par le GL LMV: &#8212;&#8212;&#8212;&#8212;&#8212;&#8212;&#8212;&#8212;&#8212;&#8212;&#8212;&#8212;&#8212;&#8212;&#8212;&#8212;&#8212;&#8212;&#8212;&#8212;&#8212;&#8212;&#8212;&#8212;&#8212;&#8212;&#8212;&#8212;&#8212;&#8212;&#8212; D\u00e9fense et protection de l&rsquo;environnement Qui contacter en cas [&hellip;]","og_url":"https:\/\/paca.lpo.fr\/blogs\/luberon-monts-de-vaucluse\/contact\/","og_site_name":"Groupe local Luberon Monts de Vaucluse","article_modified_time":"2025-06-02T07:15:10+00:00","twitter_card":"summary_large_image","twitter_misc":{"Dur\u00e9e de lecture estim\u00e9e":"1 minute"},"schema":{"@context":"https:\/\/schema.org","@graph":[{"@type":"WebPage","@id":"https:\/\/paca.lpo.fr\/blogs\/luberon-monts-de-vaucluse\/contact\/","url":"https:\/\/paca.lpo.fr\/blogs\/luberon-monts-de-vaucluse\/contact\/","name":"Contacts - Groupe local Luberon Monts de Vaucluse","isPartOf":{"@id":"https:\/\/paca.lpo.fr\/blogs\/luberon-monts-de-vaucluse\/#website"},"datePublished":"2015-04-14T21:28:21+00:00","dateModified":"2025-06-02T07:15:10+00:00","breadcrumb":{"@id":"https:\/\/paca.lpo.fr\/blogs\/luberon-monts-de-vaucluse\/contact\/#breadcrumb"},"inLanguage":"fr-FR","potentialAction":[{"@type":"ReadAction","target":["https:\/\/paca.lpo.fr\/blogs\/luberon-monts-de-vaucluse\/contact\/"]}]},{"@type":"BreadcrumbList","@id":"https:\/\/paca.lpo.fr\/blogs\/luberon-monts-de-vaucluse\/contact\/#breadcrumb","itemListElement":[{"@type":"ListItem","position":1,"name":"Accueil","item":"https:\/\/paca.lpo.fr\/blogs\/luberon-monts-de-vaucluse\/"},{"@type":"ListItem","position":2,"name":"Contacts"}]},{"@type":"WebSite","@id":"https:\/\/paca.lpo.fr\/blogs\/luberon-monts-de-vaucluse\/#website","url":"https:\/\/paca.lpo.fr\/blogs\/luberon-monts-de-vaucluse\/","name":"Groupe local Luberon Monts de Vaucluse","description":"Groupe local Luberon Monts de Vaucluse","publisher":{"@id":"https:\/\/paca.lpo.fr\/blogs\/luberon-monts-de-vaucluse\/#organization"},"potentialAction":[{"@type":"SearchAction","target":{"@type":"EntryPoint","urlTemplate":"https:\/\/paca.lpo.fr\/blogs\/luberon-monts-de-vaucluse\/?s={search_term_string}"},"query-input":{"@type":"PropertyValueSpecification","valueRequired":true,"valueName":"search_term_string"}}],"inLanguage":"fr-FR"},{"@type":"Organization","@id":"https:\/\/paca.lpo.fr\/blogs\/luberon-monts-de-vaucluse\/#organization","name":"Groupe local Luberon Monts de Vaucluse","url":"https:\/\/paca.lpo.fr\/blogs\/luberon-monts-de-vaucluse\/","logo":{"@type":"ImageObject","inLanguage":"fr-FR","@id":"https:\/\/paca.lpo.fr\/blogs\/luberon-monts-de-vaucluse\/#\/schema\/logo\/image\/","url":"https:\/\/paca.lpo.fr\/blogs\/luberon-monts-de-vaucluse\/files\/2024\/01\/cropped-rvb-lpo-paca-logotype-signature-droite-mini-500.jpg","contentUrl":"https:\/\/paca.lpo.fr\/blogs\/luberon-monts-de-vaucluse\/files\/2024\/01\/cropped-rvb-lpo-paca-logotype-signature-droite-mini-500.jpg","width":500,"height":210,"caption":"Groupe local Luberon Monts de Vaucluse"},"image":{"@id":"https:\/\/paca.lpo.fr\/blogs\/luberon-monts-de-vaucluse\/#\/schema\/logo\/image\/"}}]}},"_links":{"self":[{"href":"https:\/\/paca.lpo.fr\/blogs\/luberon-monts-de-vaucluse\/wp-json\/wp\/v2\/pages\/29","targetHints":{"allow":["GET"]}}],"collection":[{"href":"https:\/\/paca.lpo.fr\/blogs\/luberon-monts-de-vaucluse\/wp-json\/wp\/v2\/pages"}],"about":[{"href":"https:\/\/paca.lpo.fr\/blogs\/luberon-monts-de-vaucluse\/wp-json\/wp\/v2\/types\/page"}],"author":[{"embeddable":true,"href":"https:\/\/paca.lpo.fr\/blogs\/luberon-monts-de-vaucluse\/wp-json\/wp\/v2\/users\/103"}],"replies":[{"embeddable":true,"href":"https:\/\/paca.lpo.fr\/blogs\/luberon-monts-de-vaucluse\/wp-json\/wp\/v2\/comments?post=29"}],"version-history":[{"count":3,"href":"https:\/\/paca.lpo.fr\/blogs\/luberon-monts-de-vaucluse\/wp-json\/wp\/v2\/pages\/29\/revisions"}],"predecessor-version":[{"id":3958,"href":"https:\/\/paca.lpo.fr\/blogs\/luberon-monts-de-vaucluse\/wp-json\/wp\/v2\/pages\/29\/revisions\/3958"}],"wp:attachment":[{"href":"https:\/\/paca.lpo.fr\/blogs\/luberon-monts-de-vaucluse\/wp-json\/wp\/v2\/media?parent=29"}],"curies":[{"name":"wp","href":"https:\/\/api.w.org\/{rel}","templated":true}]}}